{"id":668,"date":"2023-09-24T13:52:30","date_gmt":"2023-09-24T11:52:30","guid":{"rendered":"https:\/\/larchedecampagne.fr\/?page_id=668"},"modified":"2023-09-24T22:18:38","modified_gmt":"2023-09-24T20:18:38","slug":"les-co","status":"publish","type":"page","link":"https:\/\/larchedecampagne.fr\/index.php\/les-co\/","title":{"rendered":"Les commerces de proximit\u00e9"},"content":{"rendered":"\t\t<div data-elementor-type=\"wp-page\" data-elementor-id=\"668\" class=\"elementor elementor-668\">\n\t\t\t\t<div class=\"elementor-element elementor-element-fb8d6ac e-flex e-con-boxed e-con e-parent\" data-id=\"fb8d6ac\" data-element_type=\"container\" data-e-type=\"container\">\n\t\t\t\t\t<div class=\"e-con-inner\">\n\t\t<div class=\"elementor-element elementor-element-60ccb2a e-con-full e-flex e-con e-child\" data-id=\"60ccb2a\" data-element_type=\"container\" data-e-type=\"container\">\n\t\t\t\t<div class=\"elementor-element elementor-element-8b44bfa elementor-widget elementor-widget-heading\" data-id=\"8b44bfa\" data-element_type=\"widget\" data-e-type=\"widget\" data-widget_type=\"heading.default\">\n\t\t\t\t<div class=\"elementor-widget-container\">\n\t\t\t\t\t<h2 class=\"elementor-heading-title elementor-size-default\">Intermarch\u00e9 Super <\/h2>\t\t\t\t<\/div>\n\t\t\t\t<\/div>\n\t\t\t\t<div class=\"elementor-element elementor-element-694221a elementor-icon-list--layout-traditional elementor-list-item-link-full_width elementor-widget elementor-widget-icon-list\" data-id=\"694221a\" data-element_type=\"widget\" data-e-type=\"widget\" data-widget_type=\"icon-list.default\">\n\t\t\t\t<div class=\"elementor-widget-container\">\n\t\t\t\t\t\t\t<ul class=\"elementor-icon-list-items\">\n\t\t\t\t\t\t\t<li class=\"elementor-icon-list-item\">\n\t\t\t\t\t\t\t\t\t\t\t<span class=\"elementor-icon-list-icon\">\n\t\t\t\t\t\t\t<i aria-hidden=\"true\" class=\"fas fa-map-marked-alt\"><\/i>\t\t\t\t\t\t<\/span>\n\t\t\t\t\t\t\t\t\t\t<span class=\"elementor-icon-list-text\">Rue du Stade 21410 Fleurey-sur-Ouche<\/span>\n\t\t\t\t\t\t\t\t\t<\/li>\n\t\t\t\t\t\t\t\t<li class=\"elementor-icon-list-item\">\n\t\t\t\t\t\t\t\t\t\t\t<span class=\"elementor-icon-list-icon\">\n\t\t\t\t\t\t\t<i aria-hidden=\"true\" class=\"fas fa-phone-alt\"><\/i>\t\t\t\t\t\t<\/span>\n\t\t\t\t\t\t\t\t\t\t<span class=\"elementor-icon-list-text\">03 80 34 04 70<\/span>\n\t\t\t\t\t\t\t\t\t<\/li>\n\t\t\t\t\t\t\t\t<li class=\"elementor-icon-list-item\">\n\t\t\t\t\t\t\t\t\t\t\t<span class=\"elementor-icon-list-icon\">\n\t\t\t\t\t\t\t<i aria-hidden=\"true\" class=\"fas fa-car-side\"><\/i>\t\t\t\t\t\t<\/span>\n\t\t\t\t\t\t\t\t\t\t<span class=\"elementor-icon-list-text\">7 minutes <\/span>\n\t\t\t\t\t\t\t\t\t<\/li>\n\t\t\t\t\t\t<\/ul>\n\t\t\t\t\t\t<\/div>\n\t\t\t\t<\/div>\n\t\t\t\t<div class=\"elementor-element elementor-element-cb8d36c elementor-widget elementor-widget-google_maps\" data-id=\"cb8d36c\" data-element_type=\"widget\" data-e-type=\"widget\" data-widget_type=\"google_maps.default\">\n\t\t\t\t<div class=\"elementor-widget-container\">\n\t\t\t\t\t\t\t<div class=\"elementor-custom-embed\">\n\t\t\t<iframe loading=\"lazy\"\n\t\t\t\t\tsrc=\"https:\/\/maps.google.com\/maps?q=Intermarch%C3%A9%20Rue%20du%20Stade%2021410%20Fleurey-sur-Ouche&#038;t=m&#038;z=10&#038;output=embed&#038;iwloc=near\"\n\t\t\t\t\ttitle=\"Intermarch\u00e9 Rue du Stade 21410 Fleurey-sur-Ouche\"\n\t\t\t\t\taria-label=\"Intermarch\u00e9 Rue du Stade 21410 Fleurey-sur-Ouche\"\n\t\t\t><\/iframe>\n\t\t<\/div>\n\t\t\t\t\t\t<\/div>\n\t\t\t\t<\/div>\n\t\t\t\t<\/div>\n\t\t<div class=\"elementor-element elementor-element-3704b15 e-con-full e-flex e-con e-child\" data-id=\"3704b15\" data-element_type=\"container\" data-e-type=\"container\">\n\t\t\t\t<div class=\"elementor-element elementor-element-a624e71 elementor-widget elementor-widget-heading\" data-id=\"a624e71\" data-element_type=\"widget\" data-e-type=\"widget\" data-widget_type=\"heading.default\">\n\t\t\t\t<div class=\"elementor-widget-container\">\n\t\t\t\t\t<h2 class=\"elementor-heading-title elementor-size-default\">Supermarch\u00e9 Colruyt<\/h2>\t\t\t\t<\/div>\n\t\t\t\t<\/div>\n\t\t\t\t<div class=\"elementor-element elementor-element-70c1315 elementor-icon-list--layout-traditional elementor-list-item-link-full_width elementor-widget elementor-widget-icon-list\" data-id=\"70c1315\" data-element_type=\"widget\" data-e-type=\"widget\" data-widget_type=\"icon-list.default\">\n\t\t\t\t<div class=\"elementor-widget-container\">\n\t\t\t\t\t\t\t<ul class=\"elementor-icon-list-items\">\n\t\t\t\t\t\t\t<li class=\"elementor-icon-list-item\">\n\t\t\t\t\t\t\t\t\t\t\t<span class=\"elementor-icon-list-icon\">\n\t\t\t\t\t\t\t<i aria-hidden=\"true\" class=\"fas fa-map-marked-alt\"><\/i>\t\t\t\t\t\t<\/span>\n\t\t\t\t\t\t\t\t\t\t<span class=\"elementor-icon-list-text\">Rue des Trois Ponts, 21370 Velars-sur-Ouche<\/span>\n\t\t\t\t\t\t\t\t\t<\/li>\n\t\t\t\t\t\t\t\t<li class=\"elementor-icon-list-item\">\n\t\t\t\t\t\t\t\t\t\t\t<span class=\"elementor-icon-list-icon\">\n\t\t\t\t\t\t\t<i aria-hidden=\"true\" class=\"fas fa-phone-alt\"><\/i>\t\t\t\t\t\t<\/span>\n\t\t\t\t\t\t\t\t\t\t<span class=\"elementor-icon-list-text\">03 80 33 66 15<\/span>\n\t\t\t\t\t\t\t\t\t<\/li>\n\t\t\t\t\t\t\t\t<li class=\"elementor-icon-list-item\">\n\t\t\t\t\t\t\t\t\t\t\t<span class=\"elementor-icon-list-icon\">\n\t\t\t\t\t\t\t<i aria-hidden=\"true\" class=\"fas fa-car-side\"><\/i>\t\t\t\t\t\t<\/span>\n\t\t\t\t\t\t\t\t\t\t<span class=\"elementor-icon-list-text\">12 minutes <\/span>\n\t\t\t\t\t\t\t\t\t<\/li>\n\t\t\t\t\t\t<\/ul>\n\t\t\t\t\t\t<\/div>\n\t\t\t\t<\/div>\n\t\t\t\t<div class=\"elementor-element elementor-element-d286864 elementor-widget elementor-widget-google_maps\" data-id=\"d286864\" data-element_type=\"widget\" data-e-type=\"widget\" data-widget_type=\"google_maps.default\">\n\t\t\t\t<div class=\"elementor-widget-container\">\n\t\t\t\t\t\t\t<div class=\"elementor-custom-embed\">\n\t\t\t<iframe loading=\"lazy\"\n\t\t\t\t\tsrc=\"https:\/\/maps.google.com\/maps?q=Colruyt%20Rue%20des%20trois%20Ponts%20&#038;t=m&#038;z=10&#038;output=embed&#038;iwloc=near\"\n\t\t\t\t\ttitle=\"Colruyt Rue des trois Ponts \"\n\t\t\t\t\taria-label=\"Colruyt Rue des trois Ponts \"\n\t\t\t><\/iframe>\n\t\t<\/div>\n\t\t\t\t\t\t<\/div>\n\t\t\t\t<\/div>\n\t\t\t\t<\/div>\n\t\t<div class=\"elementor-element elementor-element-bfd303d e-con-full e-flex e-con e-child\" data-id=\"bfd303d\" data-element_type=\"container\" data-e-type=\"container\">\n\t\t\t\t<div class=\"elementor-element elementor-element-eedd073 elementor-widget elementor-widget-heading\" data-id=\"eedd073\" data-element_type=\"widget\" data-e-type=\"widget\" data-widget_type=\"heading.default\">\n\t\t\t\t<div class=\"elementor-widget-container\">\n\t\t\t\t\t<h2 class=\"elementor-heading-title elementor-size-default\">March\u00e9 de Barbirey<\/h2>\t\t\t\t<\/div>\n\t\t\t\t<\/div>\n\t\t\t\t<div class=\"elementor-element elementor-element-10c02fe elementor-icon-list--layout-traditional elementor-list-item-link-full_width elementor-widget elementor-widget-icon-list\" data-id=\"10c02fe\" data-element_type=\"widget\" data-e-type=\"widget\" data-widget_type=\"icon-list.default\">\n\t\t\t\t<div class=\"elementor-widget-container\">\n\t\t\t\t\t\t\t<ul class=\"elementor-icon-list-items\">\n\t\t\t\t\t\t\t<li class=\"elementor-icon-list-item\">\n\t\t\t\t\t\t\t\t\t\t\t<span class=\"elementor-icon-list-icon\">\n\t\t\t\t\t\t\t<i aria-hidden=\"true\" class=\"fas fa-map-marked-alt\"><\/i>\t\t\t\t\t\t<\/span>\n\t\t\t\t\t\t\t\t\t\t<span class=\"elementor-icon-list-text\">Place de la Mairie 21410 Barbirey-sur-Ouche<\/span>\n\t\t\t\t\t\t\t\t\t<\/li>\n\t\t\t\t\t\t\t\t<li class=\"elementor-icon-list-item\">\n\t\t\t\t\t\t\t\t\t\t\t<span class=\"elementor-icon-list-icon\">\n\t\t\t\t\t\t\t<i aria-hidden=\"true\" class=\"fas fa-car-side\"><\/i>\t\t\t\t\t\t<\/span>\n\t\t\t\t\t\t\t\t\t\t<span class=\"elementor-icon-list-text\">7 minutes <\/span>\n\t\t\t\t\t\t\t\t\t<\/li>\n\t\t\t\t\t\t\t\t<li class=\"elementor-icon-list-item\">\n\t\t\t\t\t\t\t\t\t\t\t<span class=\"elementor-icon-list-icon\">\n\t\t\t\t\t\t\t<i aria-hidden=\"true\" class=\"fas fa-apple-alt\"><\/i>\t\t\t\t\t\t<\/span>\n\t\t\t\t\t\t\t\t\t\t<span class=\"elementor-icon-list-text\">Tous les dimanches de 9h \u00e0 13h<\/span>\n\t\t\t\t\t\t\t\t\t<\/li>\n\t\t\t\t\t\t<\/ul>\n\t\t\t\t\t\t<\/div>\n\t\t\t\t<\/div>\n\t\t\t\t<div class=\"elementor-element elementor-element-c97f44d elementor-widget elementor-widget-google_maps\" data-id=\"c97f44d\" data-element_type=\"widget\" data-e-type=\"widget\" data-widget_type=\"google_maps.default\">\n\t\t\t\t<div class=\"elementor-widget-container\">\n\t\t\t\t\t\t\t<div class=\"elementor-custom-embed\">\n\t\t\t<iframe loading=\"lazy\"\n\t\t\t\t\tsrc=\"https:\/\/maps.google.com\/maps?q=Place%20de%20la%20mairie%2021410%20Barbirey-sur-ouche&#038;t=m&#038;z=10&#038;output=embed&#038;iwloc=near\"\n\t\t\t\t\ttitle=\"Place de la mairie 21410 Barbirey-sur-ouche\"\n\t\t\t\t\taria-label=\"Place de la mairie 21410 Barbirey-sur-ouche\"\n\t\t\t><\/iframe>\n\t\t<\/div>\n\t\t\t\t\t\t<\/div>\n\t\t\t\t<\/div>\n\t\t\t\t<\/div>\n\t\t<div class=\"elementor-element elementor-element-e2aaead e-con-full e-flex e-con e-child\" data-id=\"e2aaead\" data-element_type=\"container\" data-e-type=\"container\">\n\t\t\t\t<div class=\"elementor-element elementor-element-1195140 elementor-widget elementor-widget-heading\" data-id=\"1195140\" data-element_type=\"widget\" data-e-type=\"widget\" data-widget_type=\"heading.default\">\n\t\t\t\t<div class=\"elementor-widget-container\">\n\t\t\t\t\t<h2 class=\"elementor-heading-title elementor-size-default\">Boulangerie <\/h2>\t\t\t\t<\/div>\n\t\t\t\t<\/div>\n\t\t\t\t<div class=\"elementor-element elementor-element-708c012 elementor-widget elementor-widget-heading\" data-id=\"708c012\" data-element_type=\"widget\" data-e-type=\"widget\" data-widget_type=\"heading.default\">\n\t\t\t\t<div class=\"elementor-widget-container\">\n\t\t\t\t\t<h2 class=\"elementor-heading-title elementor-size-default\">La Manufacture du Pain<\/h2>\t\t\t\t<\/div>\n\t\t\t\t<\/div>\n\t\t\t\t<div class=\"elementor-element elementor-element-2731809 elementor-icon-list--layout-traditional elementor-list-item-link-full_width elementor-widget elementor-widget-icon-list\" data-id=\"2731809\" data-element_type=\"widget\" data-e-type=\"widget\" data-widget_type=\"icon-list.default\">\n\t\t\t\t<div class=\"elementor-widget-container\">\n\t\t\t\t\t\t\t<ul class=\"elementor-icon-list-items\">\n\t\t\t\t\t\t\t<li class=\"elementor-icon-list-item\">\n\t\t\t\t\t\t\t\t\t\t\t<span class=\"elementor-icon-list-icon\">\n\t\t\t\t\t\t\t<i aria-hidden=\"true\" class=\"fas fa-map-marked-alt\"><\/i>\t\t\t\t\t\t<\/span>\n\t\t\t\t\t\t\t\t\t\t<span class=\"elementor-icon-list-text\">44 Gd Rue du Haut 21410 Fleurey-sur-Ouche<\/span>\n\t\t\t\t\t\t\t\t\t<\/li>\n\t\t\t\t\t\t\t\t<li class=\"elementor-icon-list-item\">\n\t\t\t\t\t\t\t\t\t\t\t<span class=\"elementor-icon-list-icon\">\n\t\t\t\t\t\t\t<i aria-hidden=\"true\" class=\"fas fa-phone-alt\"><\/i>\t\t\t\t\t\t<\/span>\n\t\t\t\t\t\t\t\t\t\t<span class=\"elementor-icon-list-text\">03 80 53 34 02<\/span>\n\t\t\t\t\t\t\t\t\t<\/li>\n\t\t\t\t\t\t\t\t<li class=\"elementor-icon-list-item\">\n\t\t\t\t\t\t\t\t\t\t\t<span class=\"elementor-icon-list-icon\">\n\t\t\t\t\t\t\t<i aria-hidden=\"true\" class=\"fas fa-car-side\"><\/i>\t\t\t\t\t\t<\/span>\n\t\t\t\t\t\t\t\t\t\t<span class=\"elementor-icon-list-text\">7 minutes <\/span>\n\t\t\t\t\t\t\t\t\t<\/li>\n\t\t\t\t\t\t<\/ul>\n\t\t\t\t\t\t<\/div>\n\t\t\t\t<\/div>\n\t\t\t\t<div class=\"elementor-element elementor-element-256df7d elementor-widget elementor-widget-google_maps\" data-id=\"256df7d\" data-element_type=\"widget\" data-e-type=\"widget\" data-widget_type=\"google_maps.default\">\n\t\t\t\t<div class=\"elementor-widget-container\">\n\t\t\t\t\t\t\t<div class=\"elementor-custom-embed\">\n\t\t\t<iframe loading=\"lazy\"\n\t\t\t\t\tsrc=\"https:\/\/maps.google.com\/maps?q=la%20manufacture%20du%20pain%2044%20gd%20rue%20du%20haut%2021410%20fleurey-sur-ouche&#038;t=m&#038;z=10&#038;output=embed&#038;iwloc=near\"\n\t\t\t\t\ttitle=\"la manufacture du pain 44 gd rue du haut 21410 fleurey-sur-ouche\"\n\t\t\t\t\taria-label=\"la manufacture du pain 44 gd rue du haut 21410 fleurey-sur-ouche\"\n\t\t\t><\/iframe>\n\t\t<\/div>\n\t\t\t\t\t\t<\/div>\n\t\t\t\t<\/div>\n\t\t\t\t<div class=\"elementor-element elementor-element-59de816 elementor-widget elementor-widget-heading\" data-id=\"59de816\" data-element_type=\"widget\" data-e-type=\"widget\" data-widget_type=\"heading.default\">\n\t\t\t\t<div class=\"elementor-widget-container\">\n\t\t\t\t\t<h2 class=\"elementor-heading-title elementor-size-default\">Le Kiosque \u00e0 Baguettes <\/h2>\t\t\t\t<\/div>\n\t\t\t\t<\/div>\n\t\t\t\t<div class=\"elementor-element elementor-element-a3b0ffa elementor-icon-list--layout-traditional elementor-list-item-link-full_width elementor-widget elementor-widget-icon-list\" data-id=\"a3b0ffa\" data-element_type=\"widget\" data-e-type=\"widget\" data-widget_type=\"icon-list.default\">\n\t\t\t\t<div class=\"elementor-widget-container\">\n\t\t\t\t\t\t\t<ul class=\"elementor-icon-list-items\">\n\t\t\t\t\t\t\t<li class=\"elementor-icon-list-item\">\n\t\t\t\t\t\t\t\t\t\t\t<span class=\"elementor-icon-list-icon\">\n\t\t\t\t\t\t\t<i aria-hidden=\"true\" class=\"fas fa-map-marked-alt\"><\/i>\t\t\t\t\t\t<\/span>\n\t\t\t\t\t\t\t\t\t\t<span class=\"elementor-icon-list-text\">Place Centrale 21410 Pont-de-Pagny <\/span>\n\t\t\t\t\t\t\t\t\t<\/li>\n\t\t\t\t\t\t\t\t<li class=\"elementor-icon-list-item\">\n\t\t\t\t\t\t\t\t\t\t\t<span class=\"elementor-icon-list-icon\">\n\t\t\t\t\t\t\t<i aria-hidden=\"true\" class=\"fas fa-car-side\"><\/i>\t\t\t\t\t\t<\/span>\n\t\t\t\t\t\t\t\t\t\t<span class=\"elementor-icon-list-text\">2 minutes <\/span>\n\t\t\t\t\t\t\t\t\t<\/li>\n\t\t\t\t\t\t<\/ul>\n\t\t\t\t\t\t<\/div>\n\t\t\t\t<\/div>\n\t\t\t\t<\/div>\n\t\t\t\t\t<\/div>\n\t\t\t\t<\/div>\n\t\t\t\t<\/div>\n\t\t","protected":false},"excerpt":{"rendered":"<p>Intermarch\u00e9 Super Rue du Stade 21410 Fleurey-sur-Ouche 03 80 34 04 70 7 minutes Supermarch\u00e9 Colruyt Rue des Trois Ponts, 21370 Velars-sur-Ouche 03 80 33 66 15 12 minutes March\u00e9 de Barbirey Place de la Mairie 21410 Barbirey-sur-Ouche 7 minutes Tous les dimanches de 9h \u00e0 13h Boulangerie La Manufacture du Pain 44 Gd Rue [&hellip;]<\/p>\n","protected":false},"author":1,"featured_media":0,"parent":0,"menu_order":0,"comment_status":"closed","ping_status":"closed","template":"","meta":{"footnotes":""},"class_list":["post-668","page","type-page","status-publish","hentry"],"blocksy_meta":"","yoast_head":"<!-- This site is optimized with the Yoast SEO plugin v27.5 - https:\/\/yoast.com\/product\/yoast-seo-wordpress\/ -->\n<title>Les commerces de proximit\u00e9 - L&#039;Arche de Campagne<\/title>\n<meta name=\"description\" content=\"G\u00eete, logement, dans la Vall\u00e9e de l&#039;Ouche, aux portes de Dijon, proche de la cit\u00e9e Gastronomique, \u00e0 deux min de la piste cyclable du canal de Bourgogne,,r\u00e9servez rapidement\" \/>\n<meta name=\"robots\" content=\"index, follow, max-snippet:-1, max-image-preview:large, max-video-preview:-1\" \/>\n<link rel=\"canonical\" href=\"https:\/\/larchedecampagne.fr\/index.php\/les-co\/\" \/>\n<meta property=\"og:locale\" content=\"fr_FR\" \/>\n<meta property=\"og:type\" content=\"article\" \/>\n<meta property=\"og:title\" content=\"Les commerces de proximit\u00e9 - L&#039;Arche de Campagne\" \/>\n<meta property=\"og:description\" content=\"G\u00eete, logement, dans la Vall\u00e9e de l&#039;Ouche, aux portes de Dijon, proche de la cit\u00e9e Gastronomique, \u00e0 deux min de la piste cyclable du canal de Bourgogne,,r\u00e9servez rapidement\" \/>\n<meta property=\"og:url\" content=\"https:\/\/larchedecampagne.fr\/index.php\/les-co\/\" \/>\n<meta property=\"og:site_name\" content=\"L&#039;Arche de Campagne\" \/>\n<meta property=\"article:modified_time\" content=\"2023-09-24T20:18:38+00:00\" \/>\n<meta name=\"twitter:card\" content=\"summary_large_image\" \/>\n<meta name=\"twitter:label1\" content=\"Dur\u00e9e de lecture estim\u00e9e\" \/>\n\t<meta name=\"twitter:data1\" content=\"1 minute\" \/>\n<script type=\"application\/ld+json\" class=\"yoast-schema-graph\">{\"@context\":\"https:\\\/\\\/schema.org\",\"@graph\":[{\"@type\":\"WebPage\",\"@id\":\"https:\\\/\\\/larchedecampagne.fr\\\/index.php\\\/les-co\\\/\",\"url\":\"https:\\\/\\\/larchedecampagne.fr\\\/index.php\\\/les-co\\\/\",\"name\":\"Les commerces de proximit\u00e9 - L&#039;Arche de Campagne\",\"isPartOf\":{\"@id\":\"https:\\\/\\\/larchedecampagne.fr\\\/#website\"},\"datePublished\":\"2023-09-24T11:52:30+00:00\",\"dateModified\":\"2023-09-24T20:18:38+00:00\",\"description\":\"G\u00eete, logement, dans la Vall\u00e9e de l'Ouche, aux portes de Dijon, proche de la cit\u00e9e Gastronomique, \u00e0 deux min de la piste cyclable du canal de Bourgogne,,r\u00e9servez rapidement\",\"breadcrumb\":{\"@id\":\"https:\\\/\\\/larchedecampagne.fr\\\/index.php\\\/les-co\\\/#breadcrumb\"},\"inLanguage\":\"fr-FR\",\"potentialAction\":[{\"@type\":\"ReadAction\",\"target\":[\"https:\\\/\\\/larchedecampagne.fr\\\/index.php\\\/les-co\\\/\"]}]},{\"@type\":\"BreadcrumbList\",\"@id\":\"https:\\\/\\\/larchedecampagne.fr\\\/index.php\\\/les-co\\\/#breadcrumb\",\"itemListElement\":[{\"@type\":\"ListItem\",\"position\":1,\"name\":\"Accueil\",\"item\":\"https:\\\/\\\/larchedecampagne.fr\\\/\"},{\"@type\":\"ListItem\",\"position\":2,\"name\":\"Les commerces de proximit\u00e9\"}]},{\"@type\":\"WebSite\",\"@id\":\"https:\\\/\\\/larchedecampagne.fr\\\/#website\",\"url\":\"https:\\\/\\\/larchedecampagne.fr\\\/\",\"name\":\"L'Arche de Campagne\",\"description\":\"Un G\u00eete Aux Portes de Dijon\",\"publisher\":{\"@id\":\"https:\\\/\\\/larchedecampagne.fr\\\/#organization\"},\"potentialAction\":[{\"@type\":\"SearchAction\",\"target\":{\"@type\":\"EntryPoint\",\"urlTemplate\":\"https:\\\/\\\/larchedecampagne.fr\\\/?s={search_term_string}\"},\"query-input\":{\"@type\":\"PropertyValueSpecification\",\"valueRequired\":true,\"valueName\":\"search_term_string\"}}],\"inLanguage\":\"fr-FR\"},{\"@type\":\"Organization\",\"@id\":\"https:\\\/\\\/larchedecampagne.fr\\\/#organization\",\"name\":\"L'Arche de Campagne\",\"url\":\"https:\\\/\\\/larchedecampagne.fr\\\/\",\"logo\":{\"@type\":\"ImageObject\",\"inLanguage\":\"fr-FR\",\"@id\":\"https:\\\/\\\/larchedecampagne.fr\\\/#\\\/schema\\\/logo\\\/image\\\/\",\"url\":\"https:\\\/\\\/i0.wp.com\\\/larchedecampagne.fr\\\/wp-content\\\/uploads\\\/2023\\\/08\\\/cropped-cropped-LArche-de-Campagne-1.jpg?fit=412%2C257&ssl=1\",\"contentUrl\":\"https:\\\/\\\/i0.wp.com\\\/larchedecampagne.fr\\\/wp-content\\\/uploads\\\/2023\\\/08\\\/cropped-cropped-LArche-de-Campagne-1.jpg?fit=412%2C257&ssl=1\",\"width\":412,\"height\":257,\"caption\":\"L'Arche de Campagne\"},\"image\":{\"@id\":\"https:\\\/\\\/larchedecampagne.fr\\\/#\\\/schema\\\/logo\\\/image\\\/\"},\"sameAs\":[\"https:\\\/\\\/instagram.com\\\/l_arche_de_campagne?utm_source=qr&igshid=ZDc4ODBmNjlmNQ\"]}]}<\/script>\n<!-- \/ Yoast SEO plugin. -->","yoast_head_json":{"title":"Les commerces de proximit\u00e9 - L&#039;Arche de Campagne","description":"G\u00eete, logement, dans la Vall\u00e9e de l'Ouche, aux portes de Dijon, proche de la cit\u00e9e Gastronomique, \u00e0 deux min de la piste cyclable du canal de Bourgogne,,r\u00e9servez rapidement","robots":{"index":"index","follow":"follow","max-snippet":"max-snippet:-1","max-image-preview":"max-image-preview:large","max-video-preview":"max-video-preview:-1"},"canonical":"https:\/\/larchedecampagne.fr\/index.php\/les-co\/","og_locale":"fr_FR","og_type":"article","og_title":"Les commerces de proximit\u00e9 - L&#039;Arche de Campagne","og_description":"G\u00eete, logement, dans la Vall\u00e9e de l'Ouche, aux portes de Dijon, proche de la cit\u00e9e Gastronomique, \u00e0 deux min de la piste cyclable du canal de Bourgogne,,r\u00e9servez rapidement","og_url":"https:\/\/larchedecampagne.fr\/index.php\/les-co\/","og_site_name":"L&#039;Arche de Campagne","article_modified_time":"2023-09-24T20:18:38+00:00","twitter_card":"summary_large_image","twitter_misc":{"Dur\u00e9e de lecture estim\u00e9e":"1 minute"},"schema":{"@context":"https:\/\/schema.org","@graph":[{"@type":"WebPage","@id":"https:\/\/larchedecampagne.fr\/index.php\/les-co\/","url":"https:\/\/larchedecampagne.fr\/index.php\/les-co\/","name":"Les commerces de proximit\u00e9 - L&#039;Arche de Campagne","isPartOf":{"@id":"https:\/\/larchedecampagne.fr\/#website"},"datePublished":"2023-09-24T11:52:30+00:00","dateModified":"2023-09-24T20:18:38+00:00","description":"G\u00eete, logement, dans la Vall\u00e9e de l'Ouche, aux portes de Dijon, proche de la cit\u00e9e Gastronomique, \u00e0 deux min de la piste cyclable du canal de Bourgogne,,r\u00e9servez rapidement","breadcrumb":{"@id":"https:\/\/larchedecampagne.fr\/index.php\/les-co\/#breadcrumb"},"inLanguage":"fr-FR","potentialAction":[{"@type":"ReadAction","target":["https:\/\/larchedecampagne.fr\/index.php\/les-co\/"]}]},{"@type":"BreadcrumbList","@id":"https:\/\/larchedecampagne.fr\/index.php\/les-co\/#breadcrumb","itemListElement":[{"@type":"ListItem","position":1,"name":"Accueil","item":"https:\/\/larchedecampagne.fr\/"},{"@type":"ListItem","position":2,"name":"Les commerces de proximit\u00e9"}]},{"@type":"WebSite","@id":"https:\/\/larchedecampagne.fr\/#website","url":"https:\/\/larchedecampagne.fr\/","name":"L'Arche de Campagne","description":"Un G\u00eete Aux Portes de Dijon","publisher":{"@id":"https:\/\/larchedecampagne.fr\/#organization"},"potentialAction":[{"@type":"SearchAction","target":{"@type":"EntryPoint","urlTemplate":"https:\/\/larchedecampagne.fr\/?s={search_term_string}"},"query-input":{"@type":"PropertyValueSpecification","valueRequired":true,"valueName":"search_term_string"}}],"inLanguage":"fr-FR"},{"@type":"Organization","@id":"https:\/\/larchedecampagne.fr\/#organization","name":"L'Arche de Campagne","url":"https:\/\/larchedecampagne.fr\/","logo":{"@type":"ImageObject","inLanguage":"fr-FR","@id":"https:\/\/larchedecampagne.fr\/#\/schema\/logo\/image\/","url":"https:\/\/i0.wp.com\/larchedecampagne.fr\/wp-content\/uploads\/2023\/08\/cropped-cropped-LArche-de-Campagne-1.jpg?fit=412%2C257&ssl=1","contentUrl":"https:\/\/i0.wp.com\/larchedecampagne.fr\/wp-content\/uploads\/2023\/08\/cropped-cropped-LArche-de-Campagne-1.jpg?fit=412%2C257&ssl=1","width":412,"height":257,"caption":"L'Arche de Campagne"},"image":{"@id":"https:\/\/larchedecampagne.fr\/#\/schema\/logo\/image\/"},"sameAs":["https:\/\/instagram.com\/l_arche_de_campagne?utm_source=qr&igshid=ZDc4ODBmNjlmNQ"]}]}},"jetpack_sharing_enabled":true,"_links":{"self":[{"href":"https:\/\/larchedecampagne.fr\/index.php\/wp-json\/wp\/v2\/pages\/668","targetHints":{"allow":["GET"]}}],"collection":[{"href":"https:\/\/larchedecampagne.fr\/index.php\/wp-json\/wp\/v2\/pages"}],"about":[{"href":"https:\/\/larchedecampagne.fr\/index.php\/wp-json\/wp\/v2\/types\/page"}],"author":[{"embeddable":true,"href":"https:\/\/larchedecampagne.fr\/index.php\/wp-json\/wp\/v2\/users\/1"}],"replies":[{"embeddable":true,"href":"https:\/\/larchedecampagne.fr\/index.php\/wp-json\/wp\/v2\/comments?post=668"}],"version-history":[{"count":26,"href":"https:\/\/larchedecampagne.fr\/index.php\/wp-json\/wp\/v2\/pages\/668\/revisions"}],"predecessor-version":[{"id":981,"href":"https:\/\/larchedecampagne.fr\/index.php\/wp-json\/wp\/v2\/pages\/668\/revisions\/981"}],"wp:attachment":[{"href":"https:\/\/larchedecampagne.fr\/index.php\/wp-json\/wp\/v2\/media?parent=668"}],"curies":[{"name":"wp","href":"https:\/\/api.w.org\/{rel}","templated":true}]}}